{"id":564,"date":"2019-10-22T13:47:52","date_gmt":"2019-10-22T11:47:52","guid":{"rendered":"http:\/\/www.mettredesmotslaouilfaut.fr\/?page_id=564"},"modified":"2024-10-01T11:25:04","modified_gmt":"2024-10-01T09:25:04","slug":"mentions-legales","status":"publish","type":"page","link":"https:\/\/www.mettredesmotslaouilfaut.fr\/index.php\/mentions-legales\/","title":{"rendered":"Mentions l\u00e9gales"},"content":{"rendered":"\n<h2 class=\"wp-block-heading\"><strong>1.&nbsp;\u00c9diteur du site<\/strong><\/h2>\n\n\n\n<p>Mettre des mots l\u00e0 o\u00f9 il faut\/Jeanne\u00a0Quentin<br>Raison sociale\u00a0: Jeanne\u00a0Quentin EI<br>Forme juridique\u00a0: Microentreprise<br>Si\u00e8ge social\u00a0: 4 rue des Vanneaux 68320 Porte-du-Ried<br>SIRET\u00a0: 853\u00a0141\u00a0034\u00a000035<br>Directrice de la publication\u00a0: Jeanne\u00a0Quentin<br>Contact\u00a0: mettredesmotslaouilfaut@gmail.com<br>T\u00e9l\u00e9phone\u00a0: 06\u00a088\u00a027\u00a082\u00a016<\/p>\n\n\n\n<h2 class=\"wp-block-heading\"><strong>2.&nbsp;H\u00e9bergement du site<\/strong><\/h2>\n\n\n\n<p><strong>H\u00e9bergeur<\/strong>\u00a0:<br>Nom de l\u2019h\u00e9bergeur\u00a0: OvhCloud<br>Adresse\u00a0: 2 rue Kellermann BP\u00a080157 59053 ROUBAIX CEDEX\u00a01 France<\/p>\n\n\n\n<h2 class=\"wp-block-heading\"><strong>3.&nbsp;Propri\u00e9t\u00e9 intellectuelle<\/strong><\/h2>\n\n\n\n<p>Le contenu du site <a href=\"https:\/\/www.mettredesmotslaouilfaut.fr\/\">www.mettredesmotslaouilfaut.fr<\/a>, incluant, sans s\u2019y limiter, les textes, images, graphismes, logos, ic\u00f4nes, sons, logiciels, est la propri\u00e9t\u00e9 de Jeanne&nbsp;Quentin, sauf mentions contraires. Toute reproduction, distribution, modification, adaptation, retransmission ou publication, m\u00eame partielle, de ces diff\u00e9rents \u00e9l\u00e9ments est strictement interdite sans l\u2019accord expr\u00e8s par \u00e9crit de Jeanne&nbsp;Quentin.<\/p>\n\n\n\n<h2 class=\"wp-block-heading\"><strong>4.&nbsp;Responsabilit\u00e9<\/strong><\/h2>\n\n\n\n<p>L\u2019\u00e9diteur du site s\u2019efforce de fournir des informations aussi pr\u00e9cises que possible. Cependant, il ne saurait garantir l\u2019exactitude, la compl\u00e9tude, et l\u2019actualit\u00e9 des informations diffus\u00e9es sur son site. Par cons\u00e9quent, l\u2019utilisateur reconna\u00eet utiliser ces informations sous sa propre responsabilit\u00e9.<\/p>\n\n\n\n<h2 class=\"wp-block-heading\"><strong>5.&nbsp;Protection des donn\u00e9es personnelles<\/strong><\/h2>\n\n\n\n<p>Conform\u00e9ment au <strong>R\u00e8glement G\u00e9n\u00e9ral sur la Protection des Donn\u00e9es (RGPD)<\/strong>, vous disposez d\u2019un droit d\u2019acc\u00e8s, de rectification, et de suppression de vos donn\u00e9es personnelles. Pour exercer ces droits, vous pouvez contacter Jeanne&nbsp;Quentin par mail \u00e0 <a href=\"mailto:mettredesmotslaouilfaut@gmail.com\">mettredesmotslaouilfaut@gmail.com<\/a><\/p>\n\n\n\n<p>Le site peut collecter des informations personnelles, notamment via des formulaires. Ces donn\u00e9es sont utilis\u00e9es exclusivement \u00e0 des fins de contact en cas de retard ou d\u2019annulation de consultation, tr\u00e8s rarement pour vous informer de nouveaux ateliers, et ne sont pas partag\u00e9es avec des tiers sans votre consentement.<\/p>\n\n\n\n<h2 class=\"wp-block-heading\"><strong>6.&nbsp;Cookies<\/strong><\/h2>\n\n\n\n<p>Le site <a href=\"https:\/\/www.mettredesmotslaouilfaut.fr\/\">www.mettredesmotslaouilfaut.fr<\/a> utilise des cookies pour am\u00e9liorer l\u2019exp\u00e9rience de navigation et analyser le trafic du site. Vous avez la possibilit\u00e9 de d\u00e9sactiver les cookies directement depuis votre navigateur.<\/p>\n\n\n\n<h2 class=\"wp-block-heading\"><strong>7.&nbsp;Liens hypertextes<\/strong><\/h2>\n\n\n\n<p>Le site peut contenir des liens hypertextes vers d\u2019autres sites. Jeanne&nbsp;Quentin ne peut \u00eatre tenue pour responsable du contenu de ces sites ni de leur politique de confidentialit\u00e9.<\/p>\n\n\n\n<h2 class=\"wp-block-heading\"><strong>8.&nbsp;Droit applicable<\/strong><\/h2>\n\n\n\n<p>Les pr\u00e9sentes mentions l\u00e9gales sont r\u00e9gies par le droit fran\u00e7ais. En cas de litige, les tribunaux comp\u00e9tents seront le tribunal judiciaire de Colmar et le tribunal de proximit\u00e9 de S\u00e9lestat.&nbsp;<\/p>\n\n\n\n<hr class=\"wp-block-separator has-css-opacity\"\/>\n","protected":false},"excerpt":{"rendered":"<p>1.&nbsp;\u00c9diteur du site Mettre des mots l\u00e0 o\u00f9 il faut\/Jeanne\u00a0QuentinRaison sociale\u00a0: Jeanne\u00a0Quentin EIForme juridique\u00a0: MicroentrepriseSi\u00e8ge social\u00a0: 4 rue des Vanneaux 68320 Porte-du-RiedSIRET\u00a0: 853\u00a0141\u00a0034\u00a000035Directrice de la publication\u00a0: Jeanne\u00a0QuentinContact\u00a0: mettredesmotslaouilfaut@gmail.comT\u00e9l\u00e9phone\u00a0: 06\u00a088\u00a027\u00a082\u00a016 2.&nbsp;H\u00e9bergement du site H\u00e9bergeur\u00a0:Nom de l\u2019h\u00e9bergeur\u00a0: OvhCloudAdresse\u00a0: 2 rue Kellermann BP\u00a080157 59053 ROUBAIX CEDEX\u00a01 France 3.&nbsp;Propri\u00e9t\u00e9 intellectuelle Le contenu du site www.mettredesmotslaouilfaut.fr, incluant, sans s\u2019y limiter, [&hellip;]<\/p>\n","protected":false},"author":2,"featured_media":0,"parent":0,"menu_order":0,"comment_status":"closed","ping_status":"closed","template":"","meta":[],"yoast_head":"<!-- This site is optimized with the Yoast SEO plugin v20.0 - https:\/\/yoast.com\/wordpress\/plugins\/seo\/ -->\n<title>Mentions l\u00e9gales - Mettre des mots l\u00e0 o\u00f9 il faut<\/title>\n<meta name=\"robots\" content=\"index, follow, max-snippet:-1, max-image-preview:large, max-video-preview:-1\" \/>\n<link rel=\"canonical\" href=\"https:\/\/www.mettredesmotslaouilfaut.fr\/index.php\/mentions-legales\/\" \/>\n<meta property=\"og:locale\" content=\"fr_FR\" \/>\n<meta property=\"og:type\" content=\"article\" \/>\n<meta property=\"og:title\" content=\"Mentions l\u00e9gales - Mettre des mots l\u00e0 o\u00f9 il faut\" \/>\n<meta property=\"og:description\" content=\"1.&nbsp;\u00c9diteur du site Mettre des mots l\u00e0 o\u00f9 il faut\/Jeanne\u00a0QuentinRaison sociale\u00a0: Jeanne\u00a0Quentin EIForme juridique\u00a0: MicroentrepriseSi\u00e8ge social\u00a0: 4 rue des Vanneaux 68320 Porte-du-RiedSIRET\u00a0: 853\u00a0141\u00a0034\u00a000035Directrice de la publication\u00a0: Jeanne\u00a0QuentinContact\u00a0: mettredesmotslaouilfaut@gmail.comT\u00e9l\u00e9phone\u00a0: 06\u00a088\u00a027\u00a082\u00a016 2.&nbsp;H\u00e9bergement du site H\u00e9bergeur\u00a0:Nom de l\u2019h\u00e9bergeur\u00a0: OvhCloudAdresse\u00a0: 2 rue Kellermann BP\u00a080157 59053 ROUBAIX CEDEX\u00a01 France 3.&nbsp;Propri\u00e9t\u00e9 intellectuelle Le contenu du site www.mettredesmotslaouilfaut.fr, incluant, sans s\u2019y limiter, [&hellip;]\" \/>\n<meta property=\"og:url\" content=\"https:\/\/www.mettredesmotslaouilfaut.fr\/index.php\/mentions-legales\/\" \/>\n<meta property=\"og:site_name\" content=\"Mettre des mots l\u00e0 o\u00f9 il faut\" \/>\n<meta property=\"article:modified_time\" content=\"2024-10-01T09:25:04+00:00\" \/>\n<meta name=\"twitter:card\" content=\"summary_large_image\" \/>\n<meta name=\"twitter:label1\" content=\"Dur\u00e9e de lecture estim\u00e9e\" \/>\n\t<meta name=\"twitter:data1\" content=\"2 minutes\" \/>\n<script type=\"application\/ld+json\" class=\"yoast-schema-graph\">{\"@context\":\"https:\/\/schema.org\",\"@graph\":[{\"@type\":\"WebPage\",\"@id\":\"https:\/\/www.mettredesmotslaouilfaut.fr\/index.php\/mentions-legales\/\",\"url\":\"https:\/\/www.mettredesmotslaouilfaut.fr\/index.php\/mentions-legales\/\",\"name\":\"Mentions l\u00e9gales - Mettre des mots l\u00e0 o\u00f9 il faut\",\"isPartOf\":{\"@id\":\"https:\/\/www.mettredesmotslaouilfaut.fr\/#website\"},\"datePublished\":\"2019-10-22T11:47:52+00:00\",\"dateModified\":\"2024-10-01T09:25:04+00:00\",\"breadcrumb\":{\"@id\":\"https:\/\/www.mettredesmotslaouilfaut.fr\/index.php\/mentions-legales\/#breadcrumb\"},\"inLanguage\":\"fr-FR\",\"potentialAction\":[{\"@type\":\"ReadAction\",\"target\":[\"https:\/\/www.mettredesmotslaouilfaut.fr\/index.php\/mentions-legales\/\"]}]},{\"@type\":\"BreadcrumbList\",\"@id\":\"https:\/\/www.mettredesmotslaouilfaut.fr\/index.php\/mentions-legales\/#breadcrumb\",\"itemListElement\":[{\"@type\":\"ListItem\",\"position\":1,\"name\":\"Accueil\",\"item\":\"https:\/\/www.mettredesmotslaouilfaut.fr\/\"},{\"@type\":\"ListItem\",\"position\":2,\"name\":\"Mentions l\u00e9gales\"}]},{\"@type\":\"WebSite\",\"@id\":\"https:\/\/www.mettredesmotslaouilfaut.fr\/#website\",\"url\":\"https:\/\/www.mettredesmotslaouilfaut.fr\/\",\"name\":\"Mettre des mots l\u00e0 o\u00f9 il faut\",\"description\":\"\",\"potentialAction\":[{\"@type\":\"SearchAction\",\"target\":{\"@type\":\"EntryPoint\",\"urlTemplate\":\"https:\/\/www.mettredesmotslaouilfaut.fr\/?s={search_term_string}\"},\"query-input\":\"required name=search_term_string\"}],\"inLanguage\":\"fr-FR\"}]}<\/script>\n<!-- \/ Yoast SEO plugin. -->","yoast_head_json":{"title":"Mentions l\u00e9gales - Mettre des mots l\u00e0 o\u00f9 il faut","robots":{"index":"index","follow":"follow","max-snippet":"max-snippet:-1","max-image-preview":"max-image-preview:large","max-video-preview":"max-video-preview:-1"},"canonical":"https:\/\/www.mettredesmotslaouilfaut.fr\/index.php\/mentions-legales\/","og_locale":"fr_FR","og_type":"article","og_title":"Mentions l\u00e9gales - Mettre des mots l\u00e0 o\u00f9 il faut","og_description":"1.&nbsp;\u00c9diteur du site Mettre des mots l\u00e0 o\u00f9 il faut\/Jeanne\u00a0QuentinRaison sociale\u00a0: Jeanne\u00a0Quentin EIForme juridique\u00a0: MicroentrepriseSi\u00e8ge social\u00a0: 4 rue des Vanneaux 68320 Porte-du-RiedSIRET\u00a0: 853\u00a0141\u00a0034\u00a000035Directrice de la publication\u00a0: Jeanne\u00a0QuentinContact\u00a0: mettredesmotslaouilfaut@gmail.comT\u00e9l\u00e9phone\u00a0: 06\u00a088\u00a027\u00a082\u00a016 2.&nbsp;H\u00e9bergement du site H\u00e9bergeur\u00a0:Nom de l\u2019h\u00e9bergeur\u00a0: OvhCloudAdresse\u00a0: 2 rue Kellermann BP\u00a080157 59053 ROUBAIX CEDEX\u00a01 France 3.&nbsp;Propri\u00e9t\u00e9 intellectuelle Le contenu du site www.mettredesmotslaouilfaut.fr, incluant, sans s\u2019y limiter, [&hellip;]","og_url":"https:\/\/www.mettredesmotslaouilfaut.fr\/index.php\/mentions-legales\/","og_site_name":"Mettre des mots l\u00e0 o\u00f9 il faut","article_modified_time":"2024-10-01T09:25:04+00:00","twitter_card":"summary_large_image","twitter_misc":{"Dur\u00e9e de lecture estim\u00e9e":"2 minutes"},"schema":{"@context":"https:\/\/schema.org","@graph":[{"@type":"WebPage","@id":"https:\/\/www.mettredesmotslaouilfaut.fr\/index.php\/mentions-legales\/","url":"https:\/\/www.mettredesmotslaouilfaut.fr\/index.php\/mentions-legales\/","name":"Mentions l\u00e9gales - Mettre des mots l\u00e0 o\u00f9 il faut","isPartOf":{"@id":"https:\/\/www.mettredesmotslaouilfaut.fr\/#website"},"datePublished":"2019-10-22T11:47:52+00:00","dateModified":"2024-10-01T09:25:04+00:00","breadcrumb":{"@id":"https:\/\/www.mettredesmotslaouilfaut.fr\/index.php\/mentions-legales\/#breadcrumb"},"inLanguage":"fr-FR","potentialAction":[{"@type":"ReadAction","target":["https:\/\/www.mettredesmotslaouilfaut.fr\/index.php\/mentions-legales\/"]}]},{"@type":"BreadcrumbList","@id":"https:\/\/www.mettredesmotslaouilfaut.fr\/index.php\/mentions-legales\/#breadcrumb","itemListElement":[{"@type":"ListItem","position":1,"name":"Accueil","item":"https:\/\/www.mettredesmotslaouilfaut.fr\/"},{"@type":"ListItem","position":2,"name":"Mentions l\u00e9gales"}]},{"@type":"WebSite","@id":"https:\/\/www.mettredesmotslaouilfaut.fr\/#website","url":"https:\/\/www.mettredesmotslaouilfaut.fr\/","name":"Mettre des mots l\u00e0 o\u00f9 il faut","description":"","potentialAction":[{"@type":"SearchAction","target":{"@type":"EntryPoint","urlTemplate":"https:\/\/www.mettredesmotslaouilfaut.fr\/?s={search_term_string}"},"query-input":"required name=search_term_string"}],"inLanguage":"fr-FR"}]}},"_links":{"self":[{"href":"https:\/\/www.mettredesmotslaouilfaut.fr\/index.php\/wp-json\/wp\/v2\/pages\/564"}],"collection":[{"href":"https:\/\/www.mettredesmotslaouilfaut.fr\/index.php\/wp-json\/wp\/v2\/pages"}],"about":[{"href":"https:\/\/www.mettredesmotslaouilfaut.fr\/index.php\/wp-json\/wp\/v2\/types\/page"}],"author":[{"embeddable":true,"href":"https:\/\/www.mettredesmotslaouilfaut.fr\/index.php\/wp-json\/wp\/v2\/users\/2"}],"replies":[{"embeddable":true,"href":"https:\/\/www.mettredesmotslaouilfaut.fr\/index.php\/wp-json\/wp\/v2\/comments?post=564"}],"version-history":[{"count":6,"href":"https:\/\/www.mettredesmotslaouilfaut.fr\/index.php\/wp-json\/wp\/v2\/pages\/564\/revisions"}],"predecessor-version":[{"id":1009,"href":"https:\/\/www.mettredesmotslaouilfaut.fr\/index.php\/wp-json\/wp\/v2\/pages\/564\/revisions\/1009"}],"wp:attachment":[{"href":"https:\/\/www.mettredesmotslaouilfaut.fr\/index.php\/wp-json\/wp\/v2\/media?parent=564"}],"curies":[{"name":"wp","href":"https:\/\/api.w.org\/{rel}","templated":true}]}}